{"id":740,"date":"2018-02-28T08:11:55","date_gmt":"2018-02-28T08:11:55","guid":{"rendered":"http:\/\/mireumh.umh.es\/?page_id=740"},"modified":"2022-12-19T18:22:59","modified_gmt":"2022-12-19T18:22:59","slug":"olimpiada-matematicas","status":"publish","type":"page","link":"https:\/\/mireumh.umh.es\/es\/olimpiada-matematicas\/","title":{"rendered":"Olimpiada de Matem\u00e1ticas, Fase local UMH"},"content":{"rendered":"<p><\/p>\n<h1 style=\"text-align: left;\"><strong>59\u00aa EDICI\u00d3N, A\u00d1O\u00a02023<\/strong><\/h1>\n<p style=\"text-align: left;\">La olimpiada es un concurso y no un examen, dirigido\u00a0alumnado de Bachillerato (y excepcionalmente a 3\u00ba y 4\u00ba de ESO si va avalado por profesorado) que tengan un gusto especial por las matem\u00e1ticas. Pod\u00e9is encontrar informaci\u00f3n m\u00e1s detallada en\u00a0<a href=\"redir.aspx?C=LSMKjKNoFUS88rYWymU-WPnI-wL4pNcIQWjK1NnOtP2JBLtP70Mi0VSbK-oX9NcAIuhStRO5MFI.&amp;URL=http%3a%2f%2fwww.olimpiadamatematica.es%2f\">http:\/\/www.olimpiadamatematica.es\/<\/a>.<\/p>\n<p style=\"text-align: left;\"><strong>Organiza:\u00a0<\/strong>Juan Parra L\u00f3pez (parra@umh.es)<\/p>\n<h4 style=\"text-align: left;\"><strong>Fase local viernes 20 de enero de 2023:<\/strong><\/h4>\n<p style=\"text-align: left;\">Como delegado de la Real Sociedad Matem\u00e1tica Espa\u00f1ola (RSME) para las olimpiadas en el distrito de la UMH, tengo el gusto de anunciaros la celebraci\u00f3n de la LIX edici\u00f3n de la Olimpiada Matem\u00e1tica Espa\u00f1ola.<\/p>\n<p style=\"text-align: left;\">La fase local de la LIX Olimpiada Matem\u00e1tica Espa\u00f1ola correspondiente al distrito de la Universidad Miguel Hern\u00e1ndez de Elche (UMH) tendr\u00e1 lugar el\u00a0<strong>viernes 20 de enero de 2023\u00a0en el\u00a0aula 0.4 del edificio Altabix\u00a0del Campus de Elche de la UMH en sesiones de ma\u00f1ana y tarde,\u00a0de 10:00 a 13:30 y de 16:00 a 19:30<\/strong>\u00a0respectivamente, cada sesi\u00f3n con tres problemas.<\/p>\n<div>Se adjuntan\u00a0las bases y el bolet\u00edn de inscripci\u00f3n.\u00a0Para<strong> inscribirse<\/strong> es necesario enviar los boletines del alumnado interesado\u00a0<strong>antes del 17 de enero <\/strong>al organizador, Juan Parra, al email:\u00a0(parra@umh.es). Alternativamente, se pueden traer los boletines en mano el mismo d\u00eda 20\u00a0pero habiendo enviado unos\u00a0d\u00edas antes un email con la lista o al menos el n\u00famero de participantes., Esta informaci\u00f3n es necesaria para poder hacer las oportunas previsiones organizativas. Pod\u00e9is encontrar m\u00e1s informaci\u00f3n sobre la olimpiada (por ejemplo, problemas de otros a\u00f1os) en\u00a0<a href=\"https:\/\/urldefense.com\/v3\/__https:\/\/www.rsme.es\/olimpiada-matematica-espanola\/__;!!D9dNQwwGXtA!T7HR2URZBMVl6C5bFnHijRM-rZqDuPCPu9lQFCPoRr6MQMuov1S9SIsZ-oPE5Ulab81q6v8T8g$\" target=\"_blank\" data-saferedirecturl=\"https:\/\/www.google.com\/url?q=https:\/\/urldefense.com\/v3\/__https:\/\/www.rsme.es\/olimpiada-matematica-espanola\/__;!!D9dNQwwGXtA!T7HR2URZBMVl6C5bFnHijRM-rZqDuPCPu9lQFCPoRr6MQMuov1S9SIsZ-oPE5Ulab81q6v8T8g$&amp;source=gmail&amp;ust=1671559086390000&amp;usg=AOvVaw3a_sLiCyPjF4BECzWZ1WJO\">https:\/\/www.rsme.es\/<wbr \/>olimpiada-matematica-espanola\/<\/a><\/div>\n<p style=\"text-align: left;\"><strong><a href=\"http:\/\/mireumh.umh.es\/files\/2018\/02\/59OME-primera-fase.pdf\" target=\"_blank\"><br \/>\n59OME primera fase<br \/>\n<\/a><a href=\"http:\/\/mireumh.umh.es\/files\/2018\/02\/Bolet\u00edn-inscripci\u00f3n59.pdf\" target=\"_blank\">Bolet\u00edn inscripci\u00f3n59<\/a><\/strong><\/p>\n<hr \/>\n<h1 style=\"text-align: left;\"><strong>58\u00aa EDICI\u00d3N, A\u00d1O\u00a02022<\/strong><\/h1>\n<p style=\"text-align: left;\">La olimpiada es un concurso y no un examen, dirigido a alumnos de Bachillerato (y excepcionalmente a 3\u00ba y 4\u00ba de ESO si van avalados por un profesor) que tengan un gusto especial por las matem\u00e1ticas. Pod\u00e9is encontrar informaci\u00f3n m\u00e1s detallada en\u00a0<a href=\"redir.aspx?C=LSMKjKNoFUS88rYWymU-WPnI-wL4pNcIQWjK1NnOtP2JBLtP70Mi0VSbK-oX9NcAIuhStRO5MFI.&amp;URL=http%3a%2f%2fwww.olimpiadamatematica.es%2f\">http:\/\/www.olimpiadamatematica.es\/<\/a>.<\/p>\n<p style=\"text-align: left;\"><strong>Organiza:\u00a0<\/strong>Juan Parra L\u00f3pez (parra@umh.es)<\/p>\n<h4 style=\"text-align: left;\"><strong>Fase local\u00a021 de enero de 2022:<\/strong><\/h4>\n<p style=\"text-align: left;\">Como delegado de la Real Sociedad Matem\u00e1tica Espa\u00f1ola (RSME) para las olimpiadas en el distrito de la UMH, tengo el gusto de anunciaros la celebraci\u00f3n de la 58\u00aa edici\u00f3n de la Olimpiada Matem\u00e1tica Espa\u00f1ola.<\/p>\n<p style=\"text-align: left;\">La fase local de la LVIII Olimpiada Matem\u00e1tica Espa\u00f1ola correspondiente al distrito de la Universidad Miguel Hern\u00e1ndez de Elche (UMH) tendr\u00e1 lugar el\u00a0<b>viernes 21 de enero de 2022<\/b>\u00a0en el\u00a0<b>aula 1.9 del edificio Els Arenals<\/b><strong>\u00a0del Campus de Elche de la UMH de 10:00 a 14:00<\/strong>.\u00a0Como ya ocurri\u00f3 el a\u00f1o pasado, <span style=\"color: #ff0000;\">la situaci\u00f3n sanitaria ha llevado a la Real Sociedad Matem\u00e1tica Espa\u00f1ola a reducir la fase local de la Olimpiada Matem\u00e1tica a\u00a0una\u00a0sola sesi\u00f3n de cuatro problemas en cuatro horas<\/span><b>.\u00a0<\/b>Nos hemos puesto de acuerdo en las cinco universidades p\u00fablicas de la Comunidad Valenciana en que dicha sesi\u00f3n sea por\u00a0la ma\u00f1ana.<b>\u00a0<\/b><\/p>\n<p style=\"text-align: left;\"><a href=\"http:\/\/mireumh.umh.es\/files\/2018\/02\/58OME-primera-fase_definitivo.pdf\" target=\"_blank\">58OME primera fase_definitivo<\/a><\/p>\n<p><a href=\"http:\/\/mireumh.umh.es\/files\/2018\/02\/Bolet\u00edn-inscripci\u00f3n58.pdf\" target=\"_blank\">Bolet\u00edn inscripci\u00f3n58<\/a><\/p>\n<h4><strong>Clasificaci\u00f3n LVIII Olimpiada Matem\u00e1tica Espa\u00f1ola, Fase local distrito UMH<\/strong><\/h4>\n<table width=\"519\">\n<tbody>\n<tr>\n<td width=\"113\"><strong>Orden<\/strong><\/td>\n<td width=\"217\"><strong>Apellidos y nombre<\/strong><\/td>\n<td width=\"189\"><strong>IES<\/strong><\/td>\n<\/tr>\n<tr>\n<td width=\"113\">1<\/td>\n<td width=\"217\">Carrillo Hern\u00e1ndez, Luis<\/td>\n<td width=\"189\">Gabriel Mir\u00f3, Orihuela<\/td>\n<\/tr>\n<tr>\n<td width=\"113\">2<\/td>\n<td width=\"217\">R\u00edos Fidalgo, Alex<\/td>\n<td width=\"189\">Newton College, Elche<\/td>\n<\/tr>\n<tr>\n<td width=\"113\">3<\/td>\n<td width=\"217\">Borja Cort\u00e9s, Joan<\/td>\n<td width=\"189\">Bellaguarda, Altea<\/td>\n<\/tr>\n<tr>\n<td rowspan=\"2\" width=\"113\">Empate<\/p>\n<p>4-5<\/td>\n<td width=\"217\">Chiner Carrillo, Luis<\/td>\n<td width=\"189\">Newton College, Elche<\/td>\n<\/tr>\n<tr>\n<td width=\"217\">Torres Soler, V\u00edctor<\/td>\n<td width=\"189\">La Foia d\u2019Elx<\/td>\n<\/tr>\n<tr>\n<td rowspan=\"3\" width=\"113\">Empate<\/p>\n<p>6-8<\/td>\n<td width=\"217\">Aldomar Flores, Lucas<\/td>\n<td width=\"189\">Misteri d\u2019Elx<\/td>\n<\/tr>\n<tr>\n<td width=\"217\">Berdejo Sarmiento, Juan Jos\u00e9<\/td>\n<td width=\"189\">Th\u00e1der, Orihuela<\/td>\n<\/tr>\n<tr>\n<td width=\"217\">Samper Bolufer, Jordi<\/td>\n<td width=\"189\">Marcos Zaragoza, Villajoyosa<\/td>\n<\/tr>\n<tr>\n<td width=\"113\">9<\/td>\n<td width=\"217\">G\u00f3mez Toribio, Andr\u00e9s<\/td>\n<td width=\"189\">Th\u00e1der, Orihuela<\/td>\n<\/tr>\n<tr>\n<td rowspan=\"4\" width=\"113\">Empate 10-13<\/td>\n<td width=\"217\">Caselles P\u00e9rez, Mar\u00eda<\/td>\n<td width=\"189\">Th\u00e1der, Orihuela<\/td>\n<\/tr>\n<tr>\n<td width=\"217\">Lanuza Ram\u00f3n, Pere<\/td>\n<td width=\"189\">Bellaguarda, Altea<\/td>\n<\/tr>\n<tr>\n<td width=\"217\">Mart\u00ed Gonz\u00e1lez, Miquel<\/td>\n<td width=\"189\">Bellaguarda, Altea<\/td>\n<\/tr>\n<tr>\n<td width=\"217\">Zerrad Ibn yerrou, Wael<\/td>\n<td width=\"189\">Ifach Calpe<\/td>\n<\/tr>\n<tr>\n<td rowspan=\"3\" width=\"113\">Empate<\/p>\n<p>14-16<\/td>\n<td width=\"217\">Jim\u00e9nez Ratia, Sandra<\/td>\n<td width=\"189\">Misteri d\u2019Elx<\/td>\n<\/tr>\n<tr>\n<td width=\"217\">Poveda Giudici, Nicol\u00e1s<\/td>\n<td width=\"189\">Misteri d\u2019Elx<\/td>\n<\/tr>\n<tr>\n<td width=\"217\">Verd\u00fa \u00c1lvarez, M\u00edchel<\/td>\n<td width=\"189\">Mediterr\u00e0nia, Benidorm<\/td>\n<\/tr>\n<tr>\n<td rowspan=\"7\" width=\"113\">Empate<\/p>\n<p>17-23<\/td>\n<td width=\"217\">Abad Morcillo, Marina<\/td>\n<td width=\"189\">La Malladeta, Villajoyosa<\/td>\n<\/tr>\n<tr>\n<td width=\"217\">Jiang Li, Wen Jie<\/td>\n<td width=\"189\">Newton College, Elche<\/td>\n<\/tr>\n<tr>\n<td width=\"217\">Roca Carpintero, Aitana<\/td>\n<td width=\"189\">La Malladeta, Villajoyosa<\/td>\n<\/tr>\n<tr>\n<td width=\"217\">Torregimeno Calavia, Guillermo<\/td>\n<td width=\"189\">Th\u00e1der, Orihuela<\/td>\n<\/tr>\n<tr>\n<td width=\"217\">Vicente S\u00e1nchez, Teresa<\/td>\n<td width=\"189\">Newton College, Elche<\/td>\n<\/tr>\n<tr>\n<td width=\"217\">Wong Lu, Ching Fing<\/td>\n<td width=\"189\">Newton College, Elche<\/td>\n<\/tr>\n<tr>\n<td width=\"217\">Zaragoci, Teo<\/td>\n<td width=\"189\">Ifach Calpe<\/td>\n<\/tr>\n<tr>\n<td rowspan=\"2\" width=\"113\">Empate<\/p>\n<p>24-25<\/td>\n<td width=\"217\">Boix Miralles, Elena<\/td>\n<td width=\"189\">La Foia d\u2019Elx<\/td>\n<\/tr>\n<tr>\n<td width=\"217\">Escortell Tur, Josep<\/td>\n<td width=\"189\">Ifach Calpe<\/td>\n<\/tr>\n<\/tbody>\n<\/table>\n<hr \/>\n<h1 style=\"text-align: left;\"><\/h1>\n<h1 style=\"text-align: left;\"><strong>57\u00aa EDICI\u00d3N, A\u00d1O\u00a02021<\/strong><\/h1>\n<p style=\"text-align: left;\">La olimpiada es un concurso y no un examen, dirigido a alumnos de Bachillerato (y excepcionalmente a 3\u00ba y 4\u00ba de ESO si van avalados por un profesor) que tengan un gusto especial por las matem\u00e1ticas. Pod\u00e9is encontrar informaci\u00f3n m\u00e1s detallada en\u00a0<a href=\"redir.aspx?C=LSMKjKNoFUS88rYWymU-WPnI-wL4pNcIQWjK1NnOtP2JBLtP70Mi0VSbK-oX9NcAIuhStRO5MFI.&amp;URL=http%3a%2f%2fwww.olimpiadamatematica.es%2f\">http:\/\/www.olimpiadamatematica.es\/<\/a>.<\/p>\n<p style=\"text-align: left;\"><strong>Organiza:\u00a0<\/strong>Juan Parra L\u00f3pez (parra@umh.es)<\/p>\n<h4 style=\"text-align: left;\"><strong>Fase local\u00a021 de enero:<\/strong><\/h4>\n<p style=\"text-align: left;\">Como delegado de la Real Sociedad Matem\u00e1tica Espa\u00f1ola (RSME) para las olimpiadas en el distrito de la UMH, tengo el gusto de anunciaros la celebraci\u00f3n de la 57\u00aa edici\u00f3n de la Olimpiada Matem\u00e1tica Espa\u00f1ola.<\/p>\n<p>La\u00a0<b>FASE LOCAL<\/b>\u00a0tendr\u00e1 lugar en\u00a0<strong>SESI\u00d3N \u00daNICA DE TARDE\u00a0<\/strong>(con cuatro problemas)<strong>\u00a0<\/strong>el\u00a0<strong>JUEVES 21 DE ENERO\u00a0<\/strong>de 2021, de\u00a0<strong>16:00 a 20:00\u00a0<\/strong>horas en las\u00a0aulas\u00a0<b>5 y 6<\/b>\u00a0del edificio\u00a0<b>ATZAVARES<\/b><strong>\u00a0del campus de Elche de la UMH<\/strong>, junto a la entrada norte del campus (v\u00e9ase\u00a0<a href=\"https:\/\/comunicacion.umh.es\/files\/2019\/05\/Elche.png\" data-saferedirecturl=\"https:\/\/www.google.com\/url?q=https:\/\/comunicacion.umh.es\/files\/2019\/05\/Elche.png&amp;source=gmail&amp;ust=1610532107912000&amp;usg=AFQjCNFP69XHS0XTt4GqT3ZLwEgIKA6gBw\">https:\/\/comunicacion.umh.es\/files\/2019\/05\/Elche.png<\/a>).<\/p>\n<p><a href=\"http:\/\/mireumh.umh.es\/files\/2018\/02\/57OME-primera-fase-anuncio.pdf\">Anuncio primera fase de la 57\u00aa edici\u00f3n de la Olimpiada Matem\u00e1tica Espa\u00f1ola.<\/a><\/p>\n<p>Pod\u00e9is escanear los boletines de los alumnos y las alumnas participantes y enviarlos a\u00a0<a href=\"mailto:parra@umh.es\">parra@umh.es<\/a>\u00a0antes del d\u00eda 19\u00a0de enero de\u00a02021. Aunque se prefiere por email, alternativamente pod\u00e9is enviarlos por correo ordinario a la direcci\u00f3n que figura al pie del propio bolet\u00edn. Si hubiera alguien interesado de ultim\u00edsima hora, podr\u00eda venir el d\u00eda de la prueba con el bolet\u00edn de inscripci\u00f3n en mano y se le admitir\u00eda, pero os ruego que, a ser posible, me envi\u00e9is los boletines con suficiente antelaci\u00f3n para poder confeccionar\u00a0una lista de participantes lo m\u00e1s definitiva posible.<\/p>\n<p><a href=\"http:\/\/mireumh.umh.es\/files\/2018\/02\/Bolet\u00edn-inscripci\u00f3n57.pdf\" target=\"_blank\">Bolet\u00edn inscripci\u00f3n de la 57\u00aa edici\u00f3n de la Olimpiada Matem\u00e1tica Espa\u00f1ola<\/a>\u00a0(pdf).<\/p>\n<p><a href=\"http:\/\/mireumh.umh.es\/files\/2018\/02\/Bolet\u00edn-inscripci\u00f3n57.docx\">Bolet\u00edn inscripci\u00f3n de la 57\u00aa edici\u00f3n de la Olimpiada Matem\u00e1tica Espa\u00f1ola (Word).<\/a><\/p>\n<h4 style=\"text-align: left;\"><strong>Clasificaci\u00f3n Fase local realizada el\u00a021 de enero:<\/strong><\/h4>\n<p>A continuaci\u00f3n se detallan los primeros clasificados en la fase local de la LVI Olimpiada Matem\u00e1tica Espa\u00f1ola\u00a0realizada en el distrito de la UMH:<\/p>\n<table style=\"font-weight: 400;\">\n<tbody>\n<tr>\n<td><strong>Posici\u00f3n<\/strong><\/td>\n<td><strong>Apellidos y nombre<\/strong><\/td>\n<td><strong>IES<\/strong><\/td>\n<\/tr>\n<tr>\n<td>1<\/td>\n<td>G\u00f3mez Toribio, Andr\u00e9s<\/td>\n<td>Th\u00e1der, Orihuela<\/td>\n<\/tr>\n<tr>\n<td>2<\/td>\n<td>Torres Soler, V\u00edctor<\/td>\n<td>La Foia d\u2019Elx<\/td>\n<\/tr>\n<tr>\n<td>3<\/td>\n<td>Carrillo Hern\u00e1ndez, Luis<\/td>\n<td>Gabriel Mir\u00f3, Orihuela<\/td>\n<\/tr>\n<tr>\n<td>4<\/td>\n<td>Jiang Li, Wen Jie<\/td>\n<td>Laude Newton College, Elche<\/td>\n<\/tr>\n<tr>\n<td>5<\/td>\n<td>Vives Ferrer, Mar\u00eda<\/td>\n<td>Sorts de la Mar, Denia<\/td>\n<\/tr>\n<tr>\n<td rowspan=\"3\">Empate<\/p>\n<p>6-8<\/td>\n<td>Borja Cort\u00e9s, Joan<\/td>\n<td>Bellaguarda, Altea<\/td>\n<\/tr>\n<tr>\n<td>L\u00f3pez Cort\u00e9s, Daniel<\/td>\n<td>Ifach, Calpe<\/td>\n<\/tr>\n<tr>\n<td>Sifre Palomino, Carles<\/td>\n<td>Mar\u00eda Ibars, Denia<\/td>\n<\/tr>\n<tr>\n<td rowspan=\"5\">Empate<\/p>\n<p>9-13<\/td>\n<td>Berdejo Sarmiento, Juan Jos\u00e9<\/td>\n<td>Th\u00e1der, Orihuela<\/td>\n<\/tr>\n<tr>\n<td>El Hamran, Salma<\/td>\n<td>Can\u00f3nigo Manch\u00f3n, Crevillente<\/td>\n<\/tr>\n<tr>\n<td>Ram\u00edrez Salamanca, Juan David<\/td>\n<td>Sorts de la Mar, Denia<\/td>\n<\/tr>\n<tr>\n<td>Torres Cort\u00e9s, Irene<\/td>\n<td>Ifach, Calpe<\/td>\n<\/tr>\n<tr>\n<td>Zaragoci, Teo<\/td>\n<td>Ifach, Calpe<\/td>\n<\/tr>\n<tr>\n<td rowspan=\"4\">Empate<\/p>\n<p>14-17<\/td>\n<td>Chiner Carrillo, Luis<\/td>\n<td>Laude Newton College, Elche<\/td>\n<\/tr>\n<tr>\n<td>Barranco Llorca, Ivet<\/td>\n<td>Ifach, Calpe<\/td>\n<\/tr>\n<tr>\n<td>Llinares Beneyto, Adri\u00e1n<\/td>\n<td>Bellaguarda, Altea<\/td>\n<\/tr>\n<tr>\n<td>Serrano Mart\u00ednez, Gabriel Alejandro<\/td>\n<td>Mar\u00eda Ibars, Denia<\/td>\n<\/tr>\n<tr>\n<td rowspan=\"2\">Empate<\/p>\n<p>18-19<\/td>\n<td>Font Ferrer, Sandra<\/td>\n<td>Ifach, Calpe<\/td>\n<\/tr>\n<tr>\n<td>Vicente S\u00e1nchez, Teresa<\/td>\n<td>Laude Newton College, Elche<\/td>\n<\/tr>\n<tr>\n<td rowspan=\"2\">Empate<\/p>\n<p>20-21<\/td>\n<td>Ja\u00e9n Almarcha, Ulises<\/td>\n<td>Antonio Serna, Albatera<\/td>\n<\/tr>\n<tr>\n<td>Mart\u00ed Gonz\u00e1lez, Miquel<\/td>\n<td>Bellaguarda, Altea<\/td>\n<\/tr>\n<\/tbody>\n<\/table>\n<hr \/>\n<h1 style=\"text-align: left;\"><\/h1>\n<h1 style=\"text-align: left;\"><strong>56\u00aa EDICI\u00d3N, A\u00d1O\u00a02020<\/strong><\/h1>\n<h4 style=\"text-align: left;\"><\/h4>\n<h4 style=\"text-align: left;\"><strong>Organiza:<\/strong><\/h4>\n<p style=\"text-align: left;\">Juan Parra L\u00f3pez (parra@umh.es)<\/p>\n<h4 style=\"text-align: left;\"><\/h4>\n<h4 style=\"text-align: left;\"><strong>Fase local\u00a017 de febrero:<\/strong><\/h4>\n<p style=\"text-align: left;\">Como delegado de la Real Sociedad Matem\u00e1tica Espa\u00f1ola (RSME) para las olimpiadas en el distrito de la UMH, tengo el gusto de anunciaros la celebraci\u00f3n de la 56\u00aa edici\u00f3n de la Olimpiada Matem\u00e1tica Espa\u00f1ola.<\/p>\n<p>Ya sab\u00e9is que la olimpiada es un concurso y no un examen, dirigido a alumnos de Bachillerato (y excepcionalmente a 3\u00ba y 4\u00ba de ESO si van avalados por un profesor) que tengan un gusto especial por las matem\u00e1ticas. Pod\u00e9is encontrar informaci\u00f3n m\u00e1s detallada en <span style=\"text-decoration: underline;\"><a href=\"redir.aspx?C=LSMKjKNoFUS88rYWymU-WPnI-wL4pNcIQWjK1NnOtP2JBLtP70Mi0VSbK-oX9NcAIuhStRO5MFI.&amp;URL=http%3a%2f%2fwww.olimpiadamatematica.es%2f\">http:\/\/www.olimpiadamatematica.es\/<\/a><\/span>.<\/p>\n<p>La <strong>FASE LOCAL<\/strong> tendr\u00e1 lugar en el <strong>aula 1.7 del edificio ELS ARENALS del campus de Elche de la UMH<\/strong> el <strong>VIERNES 17 DE ENERO<\/strong> de 2020 en su sesi\u00f3n de ma\u00f1ana (<strong>10:00-13:30<\/strong> horas). La sesi\u00f3n de tarde (<strong>16:00-19:30<\/strong> horas) tendr\u00e1 lugar en el aula 1.8 del mismo edificio (justo al lado de la 1.7). Adjunto un mapa del campus: <span style=\"text-decoration: underline;\"><a href=\"redir.aspx?C=LSMKjKNoFUS88rYWymU-WPnI-wL4pNcIQWjK1NnOtP2JBLtP70Mi0VSbK-oX9NcAIuhStRO5MFI.&amp;URL=https%3a%2f%2fcomunicacion.umh.es%2ffiles%2f2019%2f05%2fElche.png\">https:\/\/comunicacion.umh.es\/files\/2019\/05\/Elche.png<\/a><\/span>. Para los que ya vinisteis en a\u00f1os anteriores, el edificio Els Arenals est\u00e1 a 5-7 minutos andando desde el edificio Altabix (que es el grande de ladrillo rojo con tejado blanco en forma de sierra donde se ha celebrado otros a\u00f1os).<\/p>\n<p>Os adjunto el anuncio de la olimpiada y el bolet\u00edn de inscripci\u00f3n (en formato Word y pdf). Pod\u00e9is escanear los boletines de los alumnos\/as participantes y enviarlos a <a href=\"redir.aspx?C=LSMKjKNoFUS88rYWymU-WPnI-wL4pNcIQWjK1NnOtP2JBLtP70Mi0VSbK-oX9NcAIuhStRO5MFI.&amp;URL=mailto%3aparra%40umh.es\">parra@umh.es<\/a> antes del d\u00eda 16 de enero. Alternativamente pod\u00e9is enviarlos por correo ordinario a la direcci\u00f3n que figura al pie del propio bolet\u00edn. Si hubiera alg\u00fan interesado de ultim\u00edsima hora, puede venir el d\u00eda de la prueba con el bolet\u00edn de inscripci\u00f3n en mano.<\/p>\n<p>Documentos de inter\u00e9s:\u00a0<span style=\"text-decoration: underline;\"><a href=\"http:\/\/mireumh.umh.es\/files\/2018\/02\/56OME-primera-fase-anuncio.docx\" target=\"_blank\">56OME primera fase anuncio<\/a><\/span>\u00a0y\u00a0<span style=\"text-decoration: underline;\"><a href=\"http:\/\/mireumh.umh.es\/files\/2018\/02\/Bolet\u00edn-inscripci\u00f3n56.docx\" target=\"_blank\">Bolet\u00edn inscripci\u00f3n56<\/a><\/span><\/p>\n<h4 style=\"text-align: left;\"><\/h4>\n<h4 style=\"text-align: left;\"><strong>Clasificaci\u00f3n Fase local realizada el 17 de febrero:<\/strong><\/h4>\n<p>A continuaci\u00f3n se detallan los primeros clasificados en la fase local de la LVI Olimpiada Matem\u00e1tica Espa\u00f1ola\u00a0realizada en el distrito de la UMH (sobre 37 participantes):<\/p>\n<table>\n<tbody>\n<tr>\n<td width=\"85\"><strong>Posici\u00f3n<\/strong><\/td>\n<td width=\"198\"><strong>Apellidos y nombre<\/strong><\/td>\n<td width=\"224\"><strong>Centro<\/strong><\/td>\n<\/tr>\n<tr>\n<td width=\"85\"><strong>1<\/strong><\/td>\n<td width=\"198\">Cort\u00e9s P\u00e9rez, Ferran<\/td>\n<td width=\"224\">IES Bellaguarda, Altea<\/td>\n<\/tr>\n<tr>\n<td width=\"85\"><strong>2<\/strong><\/td>\n<td width=\"198\">Fern\u00e1ndez Alfonso, Inmaculada<\/td>\n<td width=\"224\">IES Th\u00e1der, Orihuela<\/td>\n<\/tr>\n<tr>\n<td width=\"85\"><strong>3<\/strong><\/td>\n<td width=\"198\">Rold\u00e1n Caselles, Fernando<\/td>\n<td width=\"224\">IES Th\u00e1der, Orihuela<\/td>\n<\/tr>\n<tr>\n<td width=\"85\"><strong>4<\/strong><\/td>\n<td width=\"198\">Carrillo Hern\u00e1ndez. Luis<\/td>\n<td width=\"224\">IES Gabriel Mir\u00f3, Orihuela<\/td>\n<\/tr>\n<tr>\n<td rowspan=\"2\" width=\"85\"><strong>Empate<\/strong><\/p>\n<p><strong>5-6<\/strong><\/td>\n<td width=\"198\">Alema\u00f1 Quiles, Pedro Jos\u00e9<\/td>\n<td width=\"224\">Laude Newton College, Elche<\/td>\n<\/tr>\n<tr>\n<td width=\"198\">Blasco Tremi\u00f1o, Aar\u00f3n<\/td>\n<td width=\"224\">IES Cayetano Sempere, Elche<\/td>\n<\/tr>\n<tr>\n<td rowspan=\"3\" width=\"85\"><strong>Empate<\/strong><\/p>\n<p><strong>7-9<\/strong><\/td>\n<td width=\"198\">Mart\u00ednez S\u00e1nchez, Alejandro<\/td>\n<td width=\"224\">IES Cayetano Sempere, Elche<\/td>\n<\/tr>\n<tr>\n<td width=\"198\">Le Metayer Rodr\u00edguez, Arturo<\/td>\n<td width=\"224\">Laude Newton College, Elche<\/td>\n<\/tr>\n<tr>\n<td width=\"198\">Rocamora Garc\u00eda, Lydia<\/td>\n<td width=\"224\">IES Th\u00e1der, Orihuela<\/td>\n<\/tr>\n<tr>\n<td width=\"85\"><strong>10<\/strong><\/td>\n<td width=\"198\">Meseguer Sabio, Arnau<\/td>\n<td width=\"224\">IES Bellaguarda, Altea<\/td>\n<\/tr>\n<tr>\n<td rowspan=\"4\" width=\"85\"><strong>\u00a0<\/strong><\/p>\n<p><strong>Empate<\/strong><\/p>\n<p><strong>11-14<\/strong><\/td>\n<td width=\"198\">G\u00f3mez Toribio, Andr\u00e9s<\/td>\n<td width=\"224\">IES Th\u00e1der, Orihuela<\/td>\n<\/tr>\n<tr>\n<td width=\"198\">G\u00f3mez Corral, Juan Manuel<\/td>\n<td width=\"224\">Laude Newton College, Elche<\/td>\n<\/tr>\n<tr>\n<td width=\"198\">Corella L\u00f3pez, David<\/td>\n<td width=\"224\">IES Misteri d\u2019Elx, Elche<\/td>\n<\/tr>\n<tr>\n<td width=\"198\">Rodr\u00edguez Dur\u00e1, Alberto<\/td>\n<td width=\"224\">IES Bellaguarda, Altea<\/td>\n<\/tr>\n<tr>\n<td rowspan=\"2\" width=\"85\"><strong>Empate<\/strong><\/p>\n<p><strong>15-16<\/strong><\/td>\n<td width=\"198\">Mas Bel\u00e9n, Eric<\/td>\n<td width=\"224\">IES Can\u00f3nigo Manch\u00f3n, Crevillente<\/td>\n<\/tr>\n<tr>\n<td width=\"198\">Vives Ferrer, Maria<\/td>\n<td width=\"224\">IES Sorts de la Mar, Denia<\/td>\n<\/tr>\n<tr>\n<td rowspan=\"2\" width=\"85\"><strong>Empate<\/strong><\/p>\n<p><strong>17-18<\/strong><\/td>\n<td width=\"198\">Padilla Carrillo, Luc\u00eda<\/td>\n<td width=\"224\">IES Th\u00e1der, Orihuela<\/td>\n<\/tr>\n<tr>\n<td width=\"198\">Xu Shan, Francisco<\/td>\n<td width=\"224\">Laude Newton College, Elche<\/td>\n<\/tr>\n<tr>\n<td width=\"85\"><strong>19<\/strong><\/td>\n<td width=\"198\">Planelles Villalba, Alejandro<\/td>\n<td width=\"224\">IES Can\u00f3nigo Manch\u00f3n, Crevillente<\/td>\n<\/tr>\n<tr>\n<td rowspan=\"6\" width=\"85\"><strong>\u00a0<\/strong><\/p>\n<p><strong>\u00a0<\/strong><\/p>\n<p><strong>Empate<\/strong><\/p>\n<p><strong>20-25<\/strong><\/td>\n<td width=\"198\">Pastor Mas, Iker<\/td>\n<td width=\"224\">IES Can\u00f3nigo Manch\u00f3n, Crevillente<\/td>\n<\/tr>\n<tr>\n<td width=\"198\">Ram\u00edrez Salamanca, Juan David<\/td>\n<td width=\"224\">IES Sorts de la Mar, Denia<\/td>\n<\/tr>\n<tr>\n<td width=\"198\">S\u00e1ez S\u00e1nchez, Marina<\/td>\n<td width=\"224\">IES Th\u00e1der, Orihuela<\/td>\n<\/tr>\n<tr>\n<td width=\"198\">Schmidt Pinto, Leonardo<\/td>\n<td width=\"224\">IES Ifach, Calpe<\/td>\n<\/tr>\n<tr>\n<td width=\"198\">Vinaroz Gim\u00e9nez, Joel<\/td>\n<td width=\"224\">IES Sorts de la Mar, Denia<\/td>\n<\/tr>\n<tr>\n<td width=\"198\">Najarro Pastor, Adri\u00e1n<\/td>\n<td width=\"224\">IES Ifach, Calpe<\/td>\n<\/tr>\n<\/tbody>\n<\/table>\n<h4><\/h4>\n<h4><strong>Fase Nacional\u00a0<\/strong><\/h4>\n<p>El alumnado clasificado en la Comunidad Valenciana celebr\u00f3 las pruebas en la Facultad de Matem\u00e1ticas de la Universidad de Valencia los d\u00edas 14 y 15 de julio.\u00a0A continuaci\u00f3n, los reconocimientos obtenidos por los estudiantes ganadores de la fase local:<\/p>\n<p style=\"padding-left: 60px;\"><strong>Ferran Cort\u00e9s P\u00e9rez, del IES Bellaguarda de Altea, ha quedado en 14\u00aa posici\u00f3n, obteniendo una medalla de plata.<\/strong><\/p>\n<h4><\/h4>\n<h4><strong>Fase Internacional\u00a0<\/strong><\/h4>\n<p>La Olimpiada Matem\u00e1tica Internacional ser\u00e1 virtual a causa del coronavirus. Se organiza desde San Petersburgo y se celebrar\u00e1 el 21 y 22 de septiembre de 2020.<\/p>\n<hr \/>\n<p><\/p>","protected":false},"excerpt":{"rendered":"<p>59\u00aa EDICI\u00d3N, A\u00d1O\u00a02023 La olimpiada es un concurso y no un examen, dirigido\u00a0alumnado de Bachillerato (y excepcionalmente a 3\u00ba y 4\u00ba de ESO si va avalado por profesorado) que tengan un gusto especial por las matem\u00e1ticas. Pod\u00e9is encontrar informaci\u00f3n m\u00e1s detallada en\u00a0http:\/\/www.olimpiadamatematica.es\/. Organiza:\u00a0Juan Parra L\u00f3pez (parra@umh.es) Fase local viernes 20 de enero de 2023: Como [&hellip;]<\/p>\n","protected":false},"author":53,"featured_media":0,"parent":0,"menu_order":0,"comment_status":"open","ping_status":"open","template":"","meta":{"_et_pb_use_builder":"","_et_pb_old_content":"","_et_gb_content_width":"","_links_to":"","_links_to_target":""},"_links":{"self":[{"href":"https:\/\/mireumh.umh.es\/es\/wp-json\/wp\/v2\/pages\/740"}],"collection":[{"href":"https:\/\/mireumh.umh.es\/es\/wp-json\/wp\/v2\/pages"}],"about":[{"href":"https:\/\/mireumh.umh.es\/es\/wp-json\/wp\/v2\/types\/page"}],"author":[{"embeddable":true,"href":"https:\/\/mireumh.umh.es\/es\/wp-json\/wp\/v2\/users\/53"}],"replies":[{"embeddable":true,"href":"https:\/\/mireumh.umh.es\/es\/wp-json\/wp\/v2\/comments?post=740"}],"version-history":[{"count":0,"href":"https:\/\/mireumh.umh.es\/es\/wp-json\/wp\/v2\/pages\/740\/revisions"}],"wp:attachment":[{"href":"https:\/\/mireumh.umh.es\/es\/wp-json\/wp\/v2\/media?parent=740"}],"curies":[{"name":"wp","href":"https:\/\/api.w.org\/{rel}","templated":true}]}}