{"id":1183,"date":"2020-01-30T11:44:55","date_gmt":"2020-01-30T11:44:55","guid":{"rendered":"http:\/\/mireumh.umh.es\/?page_id=1183"},"modified":"2023-01-02T17:29:41","modified_gmt":"2023-01-02T17:29:41","slug":"olimpiada-de-economia-fase-local-umh","status":"publish","type":"page","link":"https:\/\/mireumh.umh.es\/es\/olimpiada-de-economia-fase-local-umh\/","title":{"rendered":"Olimpiada de Econom\u00eda, Fase local UMH"},"content":{"rendered":"<p><\/p>\n<h1 style=\"text-align: left;\"><strong>EDICI\u00d3N A\u00d1O\u00a02023<\/strong><\/h1>\n<h4 class=\"entry-title main_title\"><strong>Organiza:<\/strong><\/h4>\n<p>La comisi\u00f3n organizadora de las Olimpiadas de Econom\u00eda 2023 en la universidad Miguel Hern\u00e1ndez de Elche est\u00e1 formada por:<\/p>\n<ul>\n<li>D\u00f1a. Marta Vaca Lamata, Vicedecana del Grado de Administraci\u00f3n y Direcci\u00f3n de empresas de la Facultad de Ciencias Sociales y Jur\u00eddicas de Elche.<\/li>\n<li>Jos\u00e9 Antonio Garc\u00eda Mart\u00ednez, Vicedecano de Proyecci\u00f3n de Relaciones Laborales de la Facultad de Ciencias Sociales y Jur\u00eddicas de Elche.<\/li>\n<li>D\u00f1a. Beatriz Salinas Navarro, Personal Administrativo de la Facultad de Ciencias Sociales y Jur\u00eddicas de Elche.<\/li>\n<li>D\u00f1a. Ana Mar\u00eda Sabater Marcos, Secretaria Facultad Ciencias Sociales y Jur\u00eddicas de Orihuela.<\/li>\n<\/ul>\n<h4 class=\"entry-title main_title\"><strong>Bases Olimpiada:<\/strong><\/h4>\n<p>La Olimpiada de Econom\u00eda es un concurso de car\u00e1cter acad\u00e9mico y educativo, cuyo objetivo fundamental es incentivar y estimular el estudio de la Econom\u00eda y la Empresa entre los estudiantes de bachillerato. Asimismo, persigue primar el esfuerzo y la excelencia acad\u00e9mica divulgar los estudios de Econom\u00eda y Empresa, y servir de punto de encuentro entre la ense\u00f1anza secundaria y la universitaria. Se puede encontrar toda la informaci\u00f3n espec\u00edfica a la Olimpiada de este a\u00f1o en el siguiente enlace:<\/p>\n<p><strong><a href=\"http:\/\/mireumh.umh.es\/files\/2020\/01\/1.-Carta-Institutos-Olimpiada-2023.pdf\" target=\"_blank\">1.- Carta Institutos Olimpiada 2023<\/a><\/strong><\/p>\n<p><strong><a href=\"http:\/\/mireumh.umh.es\/files\/2020\/01\/2.-Bases-Olimpiada-Econom\u00eda-2023.pdf\" target=\"_blank\">2.- Bases Olimpiada Econom\u00eda 2023<\/a><\/strong><\/p>\n<h4><strong>Fase local d\u00eda 1 de abril<\/strong><\/h4>\n<p>Para el alumnado que estudia en\u00a0<strong>centros de secundaria adscritos a la Universidad Miguel Hern\u00e1ndez de Elche<\/strong>, la inscripci\u00f3n se realizar\u00e1 en la Facultad de Ciencias Sociales y Jur\u00eddicas de Elche, Grado en Administraci\u00f3n y Direcci\u00f3n de Empresas de Elche a trav\u00e9s de este\u00a0<strong><a href=\"https:\/\/docs.google.com\/forms\/d\/e\/1FAIpQLSc-I3ok7qhbUPsQR0mMEh_ZTVb8FQCpu3xn5ZxitIUiP5CZRQ\/viewform\" target=\"_blank\">FORMULARIO<\/a>\u00a0<\/strong>(se activar\u00e1 el 27 de febrero de 2023). El plazo de inscripci\u00f3n es desde del 27 de febrero a las 8:00 horas al 23 de marzo de 2023 a las 15 horas. Teniendo en cuenta el car\u00e1cter de la prueba,\u00a0conviene que en cada centro se realice una selecci\u00f3n previa del estudiantado por parte del profesorado de la asignatura.<\/p>\n<p>El examen de la primera fase local ser\u00e1 an\u00f3nimo y consistir\u00e1 en una prueba de dos horas de duraci\u00f3n sobre los contenidos del temario de\u00a0<em>Econom\u00eda\u00a0<\/em>de 1\u00ba de bachiller y los seis primeros temas del programa de\u00a0<em>Econom\u00eda de la empresa\u00a0<\/em>de 2\u00ba de bachiller. La prueba ser\u00e1 la misma en las tres provincias de la Comunitat Valenciana y tendr\u00e1 lugar e<strong>l s\u00e1bado 1 de abril 2023 a las 10:00 horas<\/strong>.\u00a0 En la Universidad Miguel Hern\u00e1ndez de Elche, la prueba se realizar\u00e1 en las aulas 0.7 y 0.8 del Edificio Altabix del Campus de Elche.<\/p>\n<hr \/>\n<h1 style=\"text-align: left;\"><strong>EDICI\u00d3N A\u00d1O\u00a02022<\/strong><\/h1>\n<h4 class=\"entry-title main_title\"><strong>Organiza:<\/strong><\/h4>\n<p>Marta Vaca Lamata, Lirios Al\u00f3s Simo de la Facultad de Ciencias Sociales y Jur\u00eddicas de Orihuela y Ana Mar\u00eda Sabater Marcos de la Facultad de Ciencias Sociales y Jur\u00eddicas de\u00a0Elche.<\/p>\n<h4 style=\"text-align: left;\"><strong>Fase local<b>\u00a09 de abril\u00a0 de 2022<\/b><\/strong><\/h4>\n<p><strong><span style=\"font-weight: 400;\">La Olimpiada de Econom\u00eda es un concurso de car\u00e1cter acad\u00e9mico y educativo, cuyo objetivo fundamental es incentivar y estimular el estudio de la Econom\u00eda y la Empresa entre los estudiantes de bachillerato. Asimismo, persigue primar el esfuerzo y la excelencia acad\u00e9mica, divulgar los estudios de Econom\u00eda y Empresa, y servir de punto de encuentro entre la ense\u00f1anza secundaria y la universitaria.<\/span><\/strong><\/p>\n<p>En estas Olimpiadas <strong>puede participar<\/strong> todo el alumnado de los centros de ense\u00f1anza secundaria de la Comunidad Valenciana que est\u00e9 matriculado durante el curso 2021\/2022 en la asignatura Econom\u00eda de la Empresa de 2\u00ba de bachillerato. La participaci\u00f3n en la prueba es individual.<br \/>\nEste curso, dada la limitaci\u00f3n del aforo de las aulas de la Universidad Miguel Hern\u00e1ndez de Elche por motivo de la Covid-19, se podr\u00e1 limitar el n\u00famero de estudiantes participantes en la prueba. En tal caso, las plazas se otorgar\u00e1n por orden de entrada del formulario de inscripci\u00f3n online habilitado.<\/p>\n<p><span style=\"font-weight: 400;\"><strong>Para inscribirse,<\/strong> el estudiantado<\/span>\u00a0interesado en participar deben cumplimentar la ficha de inscripci\u00f3n que aparece en la p\u00e1gina Web de las facultades organizadoras. El alumnado debe inscribirse en la universidad a la que pertenece el centro de\u00a0 secundaria donde cursa sus estudios.\u00a0 Para inscribirse en la Universidad Miguel Hern\u00e1ndez los Centros deben cumplimentar la ficha adjunta, en la que se detallan los datos referentes al Centro, profesorado responsable y alumnado que va a participar en las olimpiadas.\u00a0 Posteriormente, la ficha cumplimentada debe de enviarse v\u00eda e-mail a la\u00a0 Facultad de Ciencias Sociales y Jur\u00eddicas de Orihuela facultad.csjori@umh.es,\u00a0 especificando en el asunto \u201cInscripci\u00f3n Olimpiada Econom\u00eda\u201d.<\/p>\n<p><span style=\"font-weight: 400;\"><strong><span style=\"font-weight: 400;\">El plazo de inscripci\u00f3n es del 1 al 31 de marzo de 2022. Teniendo en cuenta\u00a0 el car\u00e1cter de la prueba, <\/span><span style=\"font-weight: 400;\">conviene que en cada centro se realice una selecci\u00f3n<\/span><span style=\"font-weight: 400;\">\u00a0 <\/span><span style=\"font-weight: 400;\">previa<\/span> <span style=\"font-weight: 400;\">de los estudiantes por parte del profesor de la asignatura.<\/span> <\/strong><\/span><\/p>\n<p><strong><span style=\"font-weight: 400;\"><strong>Temario:\u00a0<\/strong>\u00a0Los temas que se someter\u00e1n a examen son los correspondientes a los programas\u00a0 de Econom\u00eda de 1\u00ba de bachiller y Econom\u00eda de la empresa de 2\u00ba de bachiller. Dado\u00a0 que en la fecha prevista para la realizaci\u00f3n de la prueba, 9 de abril de 2022, no se\u00a0 habr\u00e1 concluido el temario oficial de Econom\u00eda de la empresa, la comisi\u00f3n\u00a0 organizadora ha decidido que los temas de esta asignatura que se someter\u00e1n a\u00a0 examen ser\u00e1n los seis primeros del programa que figura en el decreto que\u00a0 establece el curr\u00edculum de bachillerato LOMCE (Real Decreto 1105\/2014, de 26 de\u00a0 diciembre), es decir, todos los temas del programa excepto el relativo a la funci\u00f3n\u00a0 financiera de la empresa. <\/span><\/strong><\/p>\n<h4><strong>Documentos de inter\u00e9s<\/strong>:<\/h4>\n<p><a href=\"http:\/\/mireumh.umh.es\/files\/2020\/01\/Bases-2022-UMH-Orihuela.pdf\" target=\"_blank\">Bases 2022 UMH Orihuela<\/a><\/p>\n<p><a href=\"http:\/\/mireumh.umh.es\/files\/2020\/01\/Ficha-Inscripci\u00f3n-Olimpiada-Econom\u00eda-2022.pdf\" target=\"_blank\">Ficha-Inscripci\u00f3n-Olimpiada-Econom\u00eda-2022<\/a><\/p>\n<hr \/>\n<h1 style=\"text-align: left;\"><strong>EDICI\u00d3N A\u00d1O\u00a02021<\/strong><\/h1>\n<h4 style=\"text-align: left;\"><strong>Resultados Fase local 2021:<\/strong><\/h4>\n<p><span style=\"font-weight: 400;\">El pasado 27 de marzo se celebr\u00f3, en la Facultad de CC. Sociales y Jur\u00eddicas de Elche, la fase Local de la Olimpiada de Econom\u00eda de la UMH. Una vez finalizado el proceso de correcci\u00f3n, nos gustar\u00eda felicitar al profesorado y estudiantado participante por los excelentes resultados obtenidos que muestran la labor y el esfuerzo que realiz\u00e1is cada a\u00f1o y vuestra implicaci\u00f3n en la celebraci\u00f3n de las Olimpiadas a\u00f1o tras a\u00f1o.<\/span><\/p>\n<p><span style=\"font-weight: 400;\">Con todo ello, y sabiendo que es una competici\u00f3n, la Comisi\u00f3n Evaluadora tiene el placer de anunciar las tres personas participantes ganadoras de la OLIMPIADA 2021 Fase Local UMH, que conformar\u00e1n el equipo que representar\u00e1 a la UMH en la Fase final de las Olimpiadas Nacionales en Alcal\u00e1 de Henares:<\/span><\/p>\n<table>\n<tbody>\n<tr>\n<td><\/td>\n<td><b>NOMBRE<\/b><\/td>\n<td><b>IES\u00a0<\/b><\/td>\n<\/tr>\n<tr>\n<td><span style=\"font-weight: 400;\">1<\/span><\/td>\n<td><span style=\"font-weight: 400;\">PAREJA GALV\u00c1N, V\u00cdCTOR HUGO<\/span><\/td>\n<td><span style=\"font-weight: 400;\">COLEGIO AITANA<\/span><\/td>\n<\/tr>\n<tr>\n<td><span style=\"font-weight: 400;\">2<\/span><\/td>\n<td><span style=\"font-weight: 400;\">CERD\u00c1N MART\u00cdNEZ, ERIC<\/span><\/td>\n<td><span style=\"font-weight: 400;\">IES ANTONIO SEQUEROS<\/span><\/td>\n<\/tr>\n<tr>\n<td><span style=\"font-weight: 400;\">3<\/span><\/td>\n<td><span style=\"font-weight: 400;\">MARCOS ARQUES, JULIA<\/span><\/td>\n<td><span style=\"font-weight: 400;\">IES PACO RUIZ<\/span><\/td>\n<\/tr>\n<\/tbody>\n<\/table>\n<p>Nuestra especial felicitaci\u00f3n a las personas finalistas y a su profesorado, a los que convocaremos a los actos de reconocimiento y entrega de premios.<\/p>\n<p><span style=\"font-weight: 400;\">Adicionalmente, en la tabla siguiente dispon\u00e9is de la informaci\u00f3n de las posiciones 4\u00aa hasta la 10\u00aa.<\/span><\/p>\n<table>\n<tbody>\n<tr>\n<td><\/td>\n<td><b>NOMBRE<\/b><\/td>\n<td><b>IES<\/b><\/td>\n<\/tr>\n<tr>\n<td><span style=\"font-weight: 400;\">4<\/span><\/td>\n<td><span style=\"font-weight: 400;\">GARC\u00cdA VERD\u00da, JORGE<\/span><\/td>\n<td><span style=\"font-weight: 400;\">SALESIANOS SAN JOS\u00c9 ARTESANO\u00a0<\/span><\/td>\n<\/tr>\n<tr>\n<td><span style=\"font-weight: 400;\">5<\/span><\/td>\n<td><span style=\"font-weight: 400;\">MART\u00cdNEZ MONTIEL, ALBA<\/span><\/td>\n<td><span style=\"font-weight: 400;\">SANTO DOMINGO<\/span><\/td>\n<\/tr>\n<tr>\n<td><span style=\"font-weight: 400;\">6<\/span><\/td>\n<td><span style=\"font-weight: 400;\">GARC\u00cdA VALERO, \u00c1LVARO<\/span><\/td>\n<td><span style=\"font-weight: 400;\">SALESIANOS SAN JOS\u00c9 ARTESANO\u00a0<\/span><\/td>\n<\/tr>\n<tr>\n<td><span style=\"font-weight: 400;\">7<\/span><\/td>\n<td><span style=\"font-weight: 400;\">GIO BERN\u00c1, BORJA<\/span><\/td>\n<td><span style=\"font-weight: 400;\">IES COX<\/span><\/td>\n<\/tr>\n<tr>\n<td><span style=\"font-weight: 400;\">8<\/span><\/td>\n<td><span style=\"font-weight: 400;\">P\u00c9REZ S\u00c1NCHEZ, CARMEN<\/span><\/td>\n<td><span style=\"font-weight: 400;\">IES COX<\/span><\/td>\n<\/tr>\n<tr>\n<td><span style=\"font-weight: 400;\">9<\/span><\/td>\n<td><span style=\"font-weight: 400;\">NAVARRO MACI\u00c1, PAULA<\/span><\/td>\n<td><span style=\"font-weight: 400;\">SALESIANOS SAN JOS\u00c9 ARTESANO\u00a0<\/span><\/td>\n<\/tr>\n<tr>\n<td><span style=\"font-weight: 400;\">10<\/span><\/td>\n<td><span style=\"font-weight: 400;\">S\u00c1NCHEZ ORTIZ, CLARA<\/span><\/td>\n<td><span style=\"font-weight: 400;\">LA DEVESA ELCHE<\/span><\/td>\n<\/tr>\n<\/tbody>\n<\/table>\n<p>Desde la Comisi\u00f3n Organizadora de las Olimpiadas de Econom\u00eda UMH, os agradecemos vuestra participaci\u00f3n y os animamos a que sig\u00e1is haci\u00e9ndolo en las siguientes ediciones.<\/p>","protected":false},"excerpt":{"rendered":"<p>EDICI\u00d3N A\u00d1O\u00a02023 Organiza: La comisi\u00f3n organizadora de las Olimpiadas de Econom\u00eda 2023 en la universidad Miguel Hern\u00e1ndez de Elche est\u00e1 formada por: D\u00f1a. Marta Vaca Lamata, Vicedecana del Grado de Administraci\u00f3n y Direcci\u00f3n de empresas de la Facultad de Ciencias Sociales y Jur\u00eddicas de Elche. Jos\u00e9 Antonio Garc\u00eda Mart\u00ednez, Vicedecano de Proyecci\u00f3n de Relaciones Laborales [&hellip;]<\/p>\n","protected":false},"author":662,"featured_media":0,"parent":0,"menu_order":0,"comment_status":"open","ping_status":"open","template":"","meta":{"_et_pb_use_builder":"","_et_pb_old_content":"","_et_gb_content_width":"","_links_to":"","_links_to_target":""},"_links":{"self":[{"href":"https:\/\/mireumh.umh.es\/es\/wp-json\/wp\/v2\/pages\/1183"}],"collection":[{"href":"https:\/\/mireumh.umh.es\/es\/wp-json\/wp\/v2\/pages"}],"about":[{"href":"https:\/\/mireumh.umh.es\/es\/wp-json\/wp\/v2\/types\/page"}],"author":[{"embeddable":true,"href":"https:\/\/mireumh.umh.es\/es\/wp-json\/wp\/v2\/users\/662"}],"replies":[{"embeddable":true,"href":"https:\/\/mireumh.umh.es\/es\/wp-json\/wp\/v2\/comments?post=1183"}],"version-history":[{"count":0,"href":"https:\/\/mireumh.umh.es\/es\/wp-json\/wp\/v2\/pages\/1183\/revisions"}],"wp:attachment":[{"href":"https:\/\/mireumh.umh.es\/es\/wp-json\/wp\/v2\/media?parent=1183"}],"curies":[{"name":"wp","href":"https:\/\/api.w.org\/{rel}","templated":true}]}}